{"version":"1.0","provider_name":"Dem\u00e9ny, a k\u00f6ts\u00f6g","provider_url":"https:\/\/demenyakotsog.cafeblog.hu","author_name":"sameths","author_url":"https:\/\/demenyakotsog.cafeblog.hu\/author\/sameths\/","title":"Balansz","html":"<p style=\"text-align: justify\">Ha az utc\u00e1n k\u00f3borolsz, azt\u00e1n meg a gyepin \u00fclsz, megesik, hogy nem lesz bel\u0151led t\u00fcnd\u00e9rbogy\u00f3. K\u00f3borl\u00e1s k\u00f6zben harcolni kell a kaj\u00e1\u00e9rt, a biztons\u00e1g\u00e9rt, a j\u00f3 csajok\u00e9rt. S\u0151t, a rosszak\u00e9rt is. Erre leszel szocializ\u00e1lva. Azt\u00e1n v\u00e1lasztasz magadnak egy gazdit, \u00e9s \u0151 balga m\u00f3don azt v\u00e1rja, hogy az \u00faj k\u00f6rnyezetedben kedves legy\u00e9l mindenkivel, aki szembej\u00f6n. H\u00fcjes\u00e9g. Csak k\u00e9rdezem, te kedvelsz mindenkit, akit l\u00e1tsz az utc\u00e1n? H\u00f6? Akkor nekem mi\u00e9rt kellene??? J\u00f3, Gazdi szerint, att\u00f3l, hogy \u0151 nem kedvel valakit, m\u00e9g nem rohan oda hozz\u00e1 ord\u00edtozva meg vicsorogva, hogy t\u0171nj\u00f6n el. De ez csak az\u00e9rt lehet, mert Gazdi egy p*nci. \u00c9n meg egy harcos vagyok! \u00c9s \u0151szinte, \u00e9n nem rejtem b\u00e9ka al\u00e1 a v\u00e9lem\u00e9nyemet. Kuty\u00e1\u00e9k nem hazudnak, nem \"viselkednek\", nem \u00e1lszentek. Ha valakit ut\u00e1lok, azt megmorgom. Ha valaki tetszik, azt megnyalom. Ennyi. Mit kell ezen probl\u00e9m\u00e1zni?<\/p>\r\n<p style=\"text-align: justify\"><a href=\"https:\/\/demenyakotsog.cafeblog.hu\/files\/2013\/07\/555218_406323239456018_1696101091_n.jpg\"><img class=\"alignnone size-large wp-image-155\" alt=\"555218_406323239456018_1696101091_n\" src=\"https:\/\/demenyakotsog.cafeblog.hu\/files\/2013\/07\/555218_406323239456018_1696101091_n-399x600.jpg\" width=\"399\" height=\"600\" \/><\/a><\/p>\r\n<p style=\"text-align: justify\">Az van ugyanis, hogy ma nekifut\u00e1sb\u00f3l megmorogtam egy pulit. S\u0151t, iszony\u00fa fejhangon megugattam. \u0150 kezdte!!! Mert szembej\u00f6tt. Mit\u00f3a nincsenek goly\u00f3im, az idegeim is sim\u00e1bbak. M\u00e1r nem harcolok v\u00e9rremen\u0151en minden szembej\u00f6v\u0151 kannal, de vannak \u0151sellens\u00e9geim! \u00c1ltal\u00e1ban minden kuty\u00e1val j\u00f3l kij\u00f6v\u00f6k. Mondhatni, m\u00e1r nem is \u00e9rdekelnek. Egy darabig m\u00e9g izgattam magam rajtuk, de azt\u00e1n r\u00e1 kellett j\u00f6nn\u00f6m, hogy Gazdi\u00e9k sportot \u0171znek abb\u00f3l, hogy mindenf\u00e9le j\u00f6tt-mentet hazahoznak. Meg sem tudom m\u00e1r sz\u00e1molni a mancsaimon, h\u00e1ny fura ebzettel kellett megosztanom az \u00e1gyamat, birodalmamat. Ma m\u00e1r \u00fagy j\u00f6nnek be a kapunk a vadidegen kuty\u00e1k, hogy nem ideges\u00edtem fel magam rajtuk, tudom, \u00fagyis elmennek. Vagy nem. Ez a L\u00e1z\u00e1r-gyerek is a nyakamon maradt. Mondjuk, kinek kellett volna ez az ugat\u00f3s, harap\u00f3s v\u00e9nember?<\/p>\r\n<p style=\"text-align: justify\"><a href=\"https:\/\/demenyakotsog.cafeblog.hu\/files\/2013\/08\/IMG_2132.jpg\"><img class=\"alignnone size-large wp-image-579\" alt=\"IMG_2132\" src=\"https:\/\/demenyakotsog.cafeblog.hu\/files\/2013\/08\/IMG_2132-400x600.jpg\" width=\"400\" height=\"600\" \/><\/a><\/p>\r\n<p style=\"text-align: justify\">Max azt mondja, legal\u00e1bb tudom, \u0151 mit \u00e9rzett, mikor \u00e9n j\u00f6ttem. AZ M\u00c1S! \u00c9n egy szupercuki, kutyazseni vagyok, mindenki boldog lehet, hogy megismer, de ezek az \"ideiglenes\" ebek mind olyan nyamvadtak, meg but\u00e1k.<\/p>\r\n<p style=\"text-align: justify\"><a href=\"https:\/\/demenyakotsog.cafeblog.hu\/files\/2013\/08\/BeFunky_Privat_2012_07_08_056.jpg\"><img class=\"alignnone size-large wp-image-580\" alt=\"BeFunky_Privat_2012_07_08_056\" src=\"https:\/\/demenyakotsog.cafeblog.hu\/files\/2013\/08\/BeFunky_Privat_2012_07_08_056-600x399.jpg\" width=\"600\" height=\"399\" \/><\/a><\/p>\r\n<p style=\"text-align: justify\">Ott volt Fr\u00f6ccs, aki kit\u00fart az \u00e1gyamb\u00f3l. Naj\u00f3, \u00e9n nyaralni voltam a Nagyival, \u0151 meg addig az \u00e1gyamban aludt! M\u00e9gis mit k\u00e9pzelt Gazdi??? Ez h\u0171tlens\u00e9g, nem??? \u00c9n mikor viszek haza m\u00e1sik gazdit, m\u00edg \u0151 nincs otthon, h\u00f6? V\u00e9g\u00fclis Fr\u00f6ccs cukigyerek volt, Eger mell\u0151l \u00e9rkezett, az erd\u0151ben k\u00f3borolt hetekig. Kis ny\u00fcz\u00fcge, csont \u00e9s b\u0151r vizslagyerek volt, \u00fagy ugr\u00e1ltak rajta a bolh\u00e1k, hogy m\u00e9g Iv\u00e1nt is le kellett f\u00fajni valami cuccal a biztons\u00e1g kedv\u00e9\u00e9rt. Ha-ha. Nem el\u00e9g, hogy hazahoz valami szerencs\u00e9tlent, de m\u00e9g \u00e9l\u0151sk\u00f6d\u0151k is vannak rajta. Meg nem is maradt sok\u00e1ig, de Gazdi szerette. De h\u00e1t kit nem szeret? Balf\u00e1c\u00e1n.<\/p>\r\n<p style=\"text-align: justify\"><a href=\"https:\/\/demenyakotsog.cafeblog.hu\/files\/2013\/08\/334175_246784688772952_722516123_o.jpg\"><img class=\"alignnone size-large wp-image-581\" alt=\"334175_246784688772952_722516123_o\" src=\"https:\/\/demenyakotsog.cafeblog.hu\/files\/2013\/08\/334175_246784688772952_722516123_o-600x450.jpg\" width=\"600\" height=\"450\" \/><\/a><\/p>\r\n<p style=\"text-align: justify\">Azt\u00e1n j\u00f6tt Piszke P\u00f3tGazdihoz, de az a falka is az eny\u00e9m, teh\u00e1t joggal voltam felh\u00e1borodva.<\/p>\r\n<p style=\"text-align: justify\"><a href=\"https:\/\/demenyakotsog.cafeblog.hu\/files\/2013\/08\/DSC_0739-1.jpg\"><img class=\"alignnone size-large wp-image-582\" alt=\"DSC_0739-1\" src=\"https:\/\/demenyakotsog.cafeblog.hu\/files\/2013\/08\/DSC_0739-1-399x600.jpg\" width=\"399\" height=\"600\" \/><\/a><\/p>\r\n<p style=\"text-align: justify\">M\u00e9g az elej\u00e9n \u00f6r\u00fcltem is, mert el\u00e9g d\u00f6g\u00f6s volt a csaj, erre kider\u00fclt, hogy t\u00f6kdilis. Epilepszi\u00e1s volt vagy miaz. T\u00f6k betegen k\u00f3borolt, \u00e9s bes\u00e9t\u00e1lt egy aut\u00f3mos\u00f3ba, ahol rohamot kapott. V\u00e9g\u00fcl persze n\u00e1lunk kellett kik\u00f6tnie??? Mi\u00e9rt nincs m\u00e1s bolond, aki hazaviszi a nyamvadt, beteg ebeket??? H\u00f6? Piszke t\u00f6bb gy\u00f3gyszert szedett, mint egy id\u0151sek otthona. Ami j\u00f3 volt, mert mindig kapott mell\u00e9 sajtot, szalonn\u00e1t, \u00e9s abb\u00f3l n\u00e9mi nek\u00fcnk is leesett. Meg labdabolond volt!<\/p>\r\n<p style=\"text-align: justify\"><a href=\"https:\/\/demenyakotsog.cafeblog.hu\/files\/2013\/08\/DSC_0740-1.jpg\"><img class=\"alignnone size-large wp-image-583\" alt=\"DSC_0740-1\" src=\"https:\/\/demenyakotsog.cafeblog.hu\/files\/2013\/08\/DSC_0740-1-399x600.jpg\" width=\"399\" height=\"600\" \/><\/a><\/p>\r\n<p style=\"text-align: justify\">Igaz\u00e1b\u00f3l olyanokat ugr\u00e1lt, mint egy sz\u00f6cske, \u00e9s olyankor el\u00e9g szexis hossz\u00fa combja volt, de nem nyomultam r\u00e1, mert L\u00e1z\u00e1r teljesen beleszeretett, \u00fagyhogy meghagytam az \u00f6regnek a bolondl\u00e1nyt.<\/p>\r\n<p style=\"text-align: justify\"><a href=\"https:\/\/demenyakotsog.cafeblog.hu\/files\/2013\/08\/IMG_20130611_015243.jpg\"><img class=\"alignnone size-large wp-image-584\" alt=\"IMG_20130611_015243\" src=\"https:\/\/demenyakotsog.cafeblog.hu\/files\/2013\/08\/IMG_20130611_015243-600x600.jpg\" width=\"600\" height=\"600\" \/><\/a><\/p>\r\n<p style=\"text-align: justify\">Reteszr\u0151l nem akarok \u00edrni. Reteszr\u0151l olvastatok a facebookon. Retesz az \u00e9n nyak\u00f6rvemet kapta meg, amin k\u00f6v\u00e9r l\u00e1nyok bikiniben mutogatt\u00e1k magukat, mert b\u00edztam benne, hogy ez seg\u00edt legy\u0151zni a betegs\u00e9g\u00e9t...de nem seg\u00edtett.<\/p>\r\n<p style=\"text-align: justify\"><a href=\"https:\/\/demenyakotsog.cafeblog.hu\/files\/2013\/08\/IMAG0249.jpg\"><img class=\"alignnone size-large wp-image-585\" alt=\"IMAG0249\" src=\"https:\/\/demenyakotsog.cafeblog.hu\/files\/2013\/08\/IMAG0249-359x600.jpg\" width=\"359\" height=\"600\" \/><\/a><\/p>\r\n<p style=\"text-align: justify\">Az utols\u00f3 ideglenes haver Mishka volt. Hasonl\u00edtott Sanyira, az\u00e9rt nem tudott P\u00f3tGazdi neki ellen\u00e1llni. Mishka egy \u00e1lomeb volt, azt mondj\u00e1k. B\u00faj\u00f3s volt, \u00e9s l\u00e1b mellett s\u00e9t\u00e1lt, \u00e9s nem csin\u00e1lt soha semmi rosszat. H\u00fcjes\u00e9g. Szerintem csak el\u0151adta mag\u00e1t, hogy hamar gazdisodjon. Mindenesetre \u00e9n adtam neki tippeket, hogyan legyen igazi dem\u00e9nyista kutya.<\/p>\r\n<p style=\"text-align: justify\"><a href=\"https:\/\/demenyakotsog.cafeblog.hu\/files\/2013\/08\/11461_10201497351622164_705509701_n.jpg\"><img class=\"alignnone size-large wp-image-586\" alt=\"11461_10201497351622164_705509701_n\" src=\"https:\/\/demenyakotsog.cafeblog.hu\/files\/2013\/08\/11461_10201497351622164_705509701_n-600x358.jpg\" width=\"600\" height=\"358\" \/><\/a><\/p>\r\n<p style=\"text-align: justify\">Az\u00f3ta szuper csal\u00e1dban \u00e9l \u00e9s sz\u00e9tr\u00e1gott p\u00e1r dolgot, sz\u00f3val nem menthetetlen a sr\u00e1c. Mondjuk, hetek \u00f3ta csak \u00edg\u00e9rgeti, hogy elj\u00f6n vel\u00fcnk s\u00e9t\u00e1lni, \u00e9s sosem j\u00f6n. Hah\u00f3, Mishi! Megtan\u00edtalak kak\u00e1t enni! H\u00f6?<\/p>\r\n<p style=\"text-align: justify\">Sz\u00f3val, igen, ma m\u00e9rgesen r\u00e1romboltam arra a pulira, de mindenr\u0151l Gazdi tehet.<\/p>\r\n<p style=\"text-align: justify\"><a href=\"https:\/\/demenyakotsog.cafeblog.hu\/files\/2013\/06\/425910_2966350643333_1252869794_n.jpg\"><img class=\"alignnone size-large wp-image-119\" alt=\"425910_2966350643333_1252869794_n\" src=\"https:\/\/demenyakotsog.cafeblog.hu\/files\/2013\/06\/425910_2966350643333_1252869794_n-600x495.jpg\" width=\"600\" height=\"495\" \/><\/a><\/p>\r\n<p style=\"text-align: justify\">R\u00e9szben a nyaral\u00e1son teljesen antiszoc lettem, mert csak Max volt meg \u00e9n. R\u00e9szben, att\u00f3l, hogy nincsenek goly\u00f3im, m\u00e9g \u00e9n vagyok a f\u0151n\u00f6k, a zataya\u00faristen a parkban, \u00e9s ezt rendszeresen a tudt\u00e1ra kell adnom a l\u00e1zad\u00f3knak. Egy\u00e9bk\u00e9nt pedig annyi idegen ebbel osztottam meg az \u00e9letem, a falk\u00e1m \u00e9s az \u00e1gyam, hogy n\u00e9ha \u00e9n is megverhetek egyet-egyet, csak a balansz kedv\u00e9\u00e9rt. H\u00f6?<\/p>\r\n&nbsp;","type":"rich","thumbnail_url":"https:\/\/demenyakotsog.cafeblog.hu\/files\/2013\/06\/425910_2966350643333_1252869794_n-150x150.jpg","thumbnail_width":150,"thumbnail_height":150}