{"version":"1.0","provider_name":"Dem\u00e9ny, a k\u00f6ts\u00f6g","provider_url":"https:\/\/demenyakotsog.cafeblog.hu","author_name":"sameths","author_url":"https:\/\/demenyakotsog.cafeblog.hu\/author\/sameths\/","title":"Blogbaugat\u00e1s - Ruby","html":"<p style=\"text-align: justify\">\"Ruby vagyok. A hallgatag gengszter. \u00c9s elmondom nektek mi az \u00e9let \u00e9rtelme.\u00a0Semmi. De semmi olyan, amit \u00e1ltal\u00e1ban annak tartanak.\u00a0A hatalom, a t\u00f6bbiek legy\u0151z\u00e9se?\u00a0Ugyan! Van a gangunkon 2 macska, meg 2 kutya. \u0150ket sim\u00e1n lefutom, ak\u00e1r \u00fagy, hogy \u00e9n\u00a0futok el\u0151l, ak\u00e1r \u00fagy, hogy \u0151k futnak ut\u00e1nam. Addig izgi, am\u00edg be\u00e9rek a lak\u00e1sba, de azt\u00e1n\u00a0gy\u0151ztem. \u00c9s \u00e9n mindig gy\u0151z\u00f6k. Mert kir\u00e1ly vagyok. Mindig. Ez t\u00e9ny, de ett\u0151l m\u00e9g uncsi.<\/p>\r\n<p style=\"text-align: justify\"><a href=\"https:\/\/demenyakotsog.cafeblog.hu\/files\/2013\/10\/Ruby-13.09-016.jpg\"><img class=\"aligncenter  wp-image-941\" alt=\"Ruby 13.09 016\" src=\"https:\/\/demenyakotsog.cafeblog.hu\/files\/2013\/10\/Ruby-13.09-016-300x300.jpg\" width=\"240\" height=\"240\" \/><\/a><\/p>\r\n<p style=\"text-align: justify\">A csal\u00e1d?\u00a0Az meg minek? Hogy b\u00e1rki beleehessen a t\u00e1ny\u00e9romba? Felejtsd el!\u00a0A munka nev\u0171 baroms\u00e1ggal meg ne is gyere!\u00a0\u00c9n arisztokrata vagyok, 100% tiszta, \u00e9l\u0151 Sir. Sz\u00e1rmaz\u00e1som a m\u00falt hom\u00e1ly\u00e1ba v\u00e9sz, csal\u00e1df\u00e1m\u00a0\u0151si \u00e9s titokzatos: \u00e1ll\u00edt\u00f3lag k\u00e9t befogadott k\u00f3bor macska szerelemgyereke vagyok, de el\u00e9g csak\u00a0r\u00e1m n\u00e9zni, a vak is l\u00e1thatja, hogy minimum egy \u00e1lruh\u00e1ban k\u00f3borl\u00f3 Mathias volt az apucik\u00e1m.\u00a0Ezek ut\u00e1n ugye nem gondolod, hogy b\u00e1rmi hasznosat fogok csin\u00e1lni? Sz\u00e9p vagyok, n\u00e9zhetsz,\u00a0ennyi! (O.K. N\u00e9ha levad\u00e1szok \u2212 \u00e9s hangos szuszog\u00e1ssal hal\u00e1lra r\u00e9misztek \u2212 p\u00e1r bogarat, de az\u00a0is puszt\u00e1n sz\u00f3rakoz\u00e1s.)<\/p>\r\n<p style=\"text-align: justify\"><a href=\"https:\/\/demenyakotsog.cafeblog.hu\/files\/2013\/10\/Ruby-13.09-029.jpg\"><img class=\"aligncenter  wp-image-942\" alt=\"Ruby 13.09 029\" src=\"https:\/\/demenyakotsog.cafeblog.hu\/files\/2013\/10\/Ruby-13.09-029-300x300.jpg\" width=\"240\" height=\"240\" \/><\/a><\/p>\r\n<p style=\"text-align: justify\">A kufircol\u00e1s?\u00a0Az speciel lehet az \u00e9let \u00e9rtelme. Persze el\u00e9g hamar leszerelt\u00e9k a goly\u00f3imat, sz\u00f3val a franc se\u00a0tudja. De ahogy a szomsz\u00e9d t\u00e9pett f\u00fcl\u0171, foltos kand\u00fart eln\u00e9zem, ez a p\u00e1rz\u00e1s t\u00e9ma is egy el\u00e9gg\u00e9\u00a0t\u00fal\u00e9rt\u00e9kelt \u00e1llats\u00e1g.<\/p>\r\n<p style=\"text-align: justify\">Mi van m\u00e9g?\u00a0Ja! A szeretet, meg \u00f6sszetartoz\u00e1s, bla-bla-bla...\u00a0Hagyj\u00e1l m\u00e1r!\u00a0Az egyik k\u00e9tl\u00e1b\u00fam tavaly kar\u00e1csonykor ideiglenesbe befogadott egy mentett vizsl\u00e1t. \u00c9s\u00a0tot\u00e1l odavolt att\u00f3l, hogy az odafek\u00fcdt a l\u00e1b\u00e1hoz, meg szinte beleb\u00fajt a tenyer\u00e9be egy kis\u00a0simogat\u00e1s\u00e9rt, ha meg elment, akkor bevitte a kosar\u00e1ba a cip\u0151j\u00e9t, mint valami alv\u00f3snyuszit.<\/p>\r\n<p style=\"text-align: justify\"><a href=\"https:\/\/demenyakotsog.cafeblog.hu\/files\/2013\/10\/Any-Dem\u00e9nynek.jpg\"><img class=\"aligncenter  wp-image-943\" alt=\"Any Dem\u00e9nynek\" src=\"https:\/\/demenyakotsog.cafeblog.hu\/files\/2013\/10\/Any-Dem\u00e9nynek-223x300.jpg\" width=\"178\" height=\"240\" \/><\/a><\/p>\r\n<p style=\"text-align: justify\">Na, ne! Kezdj\u00fck ott, hogy nem \u00e1llok sz\u00f3ba egy k\u00e9tl\u00e1b\u00faval sem. \u00c9s nem, \u00e9s nem, \u00e9s nem is\u00a0fogok soha ilyen m\u00e9lyre s\u00fcllyedni! (Most is csak nektek, hozz\u00e1m hasonl\u00f3an nagy \u00e1llatoknak\u00a0terjesztem az ig\u00e9t, \u00e9s csak az\u00e9rt, mert \u00e9pp ilyen kedvem van.)\u00a0L\u00e9nyeg: ez a szeretet \u00e9s \u00f6sszetartoz\u00e1s t\u00e9ma is piszkosul t\u00fal van \u00e9rt\u00e9kelve!<\/p>\r\n<p style=\"text-align: justify\">Els\u0151 oszt\u00e1ly\u00fa kaja, k\u00e9nyelmes v\u00edzszintes fel\u00fcletek minden\u00fctt, \u00e9s megfelel\u0151 mennyis\u00e9g\u0171 j\u00e1t\u00e9k\u00a0abszol\u00fat el\u00e9g a boldog \u00e9lethez. H\u00e1t, nem? Dehogynem!\u00a0[Az pedig, aki l\u00e1tott m\u00e1r engem is h\u00edzelegni, \u00e9s kedvesen d\u00f6rg\u00f6l\u0151zni, vegye tudom\u00e1sul, hogy\u00a0azok csak strat\u00e9giai jelleg\u0171 expoz\u00e9k voltak, miut\u00e1n ki\u00fcr\u00fclt a t\u00e1ny\u00e9rom. Ph\u00fc, hagyjatok is!\u00a0Napoznom kell.]<\/p>\r\n<p style=\"text-align: justify\"><a href=\"https:\/\/demenyakotsog.cafeblog.hu\/files\/2013\/10\/Ruby-13.08-010.jpg\"><img class=\"aligncenter  wp-image-944\" alt=\"Ruby 13.08 010\" src=\"https:\/\/demenyakotsog.cafeblog.hu\/files\/2013\/10\/Ruby-13.08-010-e1381066662625-223x300.jpg\" width=\"178\" height=\"240\" \/><\/a><\/p>\r\n<p style=\"text-align: justify\">Au revoir mon amies!\"<\/p>","type":"rich","thumbnail_url":"https:\/\/demenyakotsog.cafeblog.hu\/files\/2013\/10\/Ruby-13.09-016-150x150.jpg","thumbnail_width":150,"thumbnail_height":150}