{"version":"1.0","provider_name":"Dem\u00e9ny, a k\u00f6ts\u00f6g","provider_url":"https:\/\/demenyakotsog.cafeblog.hu","author_name":"sameths","author_url":"https:\/\/demenyakotsog.cafeblog.hu\/author\/sameths\/","title":"Reklam\u00e1ci\u00f3","html":"<p style=\"text-align: justify\">Tisztelt Mikl\u00f3s!<\/p>\r\n<p style=\"text-align: justify\">Alul\u00edrott, Dem\u00e9ny, a k\u00f6ts\u00f6g, vizslablogger \u00e9s dikt\u00e1tor az al\u00e1bbi panaszkeresettel fordulok \u00d6nh\u00f6z. K\u00f6ly\u00f6k \u00e9nem abban a t\u00e9ves hitben \u00e9lt, hogy m\u00e9giscsak l\u00e9tezik a k\u00e9tl\u00e1b\u00faak \u00e1ltal csak Mikul\u00e1snak h\u00edvott misztikus l\u00e9ny, \u00d6n, aki megjutalmazza a j\u00f3kat. A k\u00e9tl\u00e1b\u00faak mereven ragaszkodnak ahhoz az ill\u00fazi\u00f3hoz, hogy j\u00f3nak lenni kifizet\u0151d\u0151. \u00c9n az er\u0151sebb kutya b*szik elvet k\u00e9pviselem. Az m\u00e9g sosem volt hib\u00e1s elgondol\u00e1s.<\/p>\r\n<p style=\"text-align: justify\"><a href=\"https:\/\/demenyakotsog.cafeblog.hu\/files\/2013\/12\/funny-Santa-Claus-happy-bad-girls.jpg\"><img class=\"alignnone size-full wp-image-1224\" alt=\"funny-Santa-Claus-happy-bad-girls\" src=\"https:\/\/demenyakotsog.cafeblog.hu\/files\/2013\/12\/funny-Santa-Claus-happy-bad-girls.jpg\" width=\"540\" height=\"362\" \/><\/a><\/p>\r\n<p style=\"text-align: justify\">Ennek ellen\u00e9re naivan elhittem, hogy ma valami naaaagy jutalomban lesz r\u00e9szem, ami\u00e9rt eg\u00e9sz \u00e9veben v\u00e9rrel-ver\u00edt\u00e9kkel munk\u00e1lkodtam a dem\u00e9nyizmus l\u00e9trej\u00f6tt\u00e9n.<\/p>\r\n<p style=\"text-align: justify\">Nyilv\u00e1n nem az \u00e9n hib\u00e1m volt, hogy reggel n\u00e9mi f\u00f6ldharcba kerverdetem a k\u00f6rny\u00e9k pulij\u00e1val, \u0151 kezdte, visszamorgott. Arr\u00f3l sem tehetek, hogy Gazdi nem reag\u00e1lt olyan j\u00f3l, \u00e9s f\u00f6ldh\u00f6z nyomott, meg cs\u00fany\u00e1n veszekedett velem hossz\u00fa ideig. Alap, hogy nincs csizm\u00e1m, meg m\u00e1r milyen gusztustalan dolog lenne a csizm\u00e1b\u00f3l enni a t\u00f6pit...de akkor is felh\u00e1bor\u00edt\u00f3nak tartom, hogy ez a mikul\u00e1sosdi csak \u00e1tver\u00e9s.<\/p>\r\n<p style=\"text-align: justify\"><a href=\"https:\/\/demenyakotsog.cafeblog.hu\/files\/2013\/12\/DSC_4443.jpg\"><img class=\"alignnone size-large wp-image-1225\" alt=\"DSC_4443\" src=\"https:\/\/demenyakotsog.cafeblog.hu\/files\/2013\/12\/DSC_4443-600x398.jpg\" width=\"600\" height=\"398\" \/><\/a><\/p>\r\n<p style=\"text-align: justify\">Ugyanis nem hogy ma nem, de mi\u00f3ta Max di\u00e9t\u00e1zik, nem ettem egy szem t\u00f6pit sem! Ez m\u00e9rhetetlen \u00e1ldozat a r\u00e9szemr\u0151l, holmi vizsloid miatt. Jutalmat \u00e9rdemeln\u00e9k.<\/p>\r\n<p style=\"text-align: justify\"><a href=\"https:\/\/demenyakotsog.cafeblog.hu\/files\/2013\/12\/DSC_4458.jpg\"><img class=\"alignnone size-large wp-image-1227\" alt=\"DSC_4458\" src=\"https:\/\/demenyakotsog.cafeblog.hu\/files\/2013\/12\/DSC_4458-398x600.jpg\" width=\"398\" height=\"600\" \/><\/a><\/p>\r\n<p style=\"text-align: justify\">Azzal semmi probl\u00e9m\u00e1m, ha a falka t\u00f6bbi tagja nem kap semmit, de hogy \u00e9n sem??? J\u00f3, kaptam egy \u00faj nyak\u00f6rvet, ami \u0151r\u00fclt d\u00f6g\u00f6s, \u00e9s kifejezi v\u00e9gre, hogy Zuperszt\u00e1r vagyok, meg kiflit, meg jutifalit, de nem kaptam T\u00d6P\u00d6RTY\u0170T!!! Bet\u0171z\u00f6m: T\u00d6P\u00d6RTY\u0170! T\u00f6pit, vazze!<\/p>\r\n<p style=\"text-align: justify\">Mif\u00e9le attit\u0171d ez? Milyen vircsaft???<\/p>\r\n<p style=\"text-align: justify\"><a href=\"https:\/\/demenyakotsog.cafeblog.hu\/files\/2013\/12\/DSC_4448.jpg\"><img class=\"alignnone size-large wp-image-1226\" alt=\"DSC_4448\" src=\"https:\/\/demenyakotsog.cafeblog.hu\/files\/2013\/12\/DSC_4448-600x415.jpg\" width=\"600\" height=\"415\" \/><\/a><\/p>\r\n<p style=\"text-align: justify\">K\u00f6vetelem, hogy mondjon le, vagy legal\u00e1bbis nyilv\u00e1nos lev\u00e9lben ismerje be, hogy nem l\u00e9tezik! Am\u00fagyis, ki hisz egy dagadt, \u00f6reg, pirosszerk\u00f3s f\u00f3szerben? AKI NEM AD T\u00d6PIT??? Mi\u00e9rt nem hossz\u00facomb\u00fa ag\u00e1rl\u00e1nyok hordj\u00e1k a jutalmat?<\/p>\r\n<p style=\"text-align: justify\">H\u00f6? Mi, Gazdi? H\u00f6? H\u0171\u0171\u0171\u0171.....\u00f6\u00f6\u00f6\u00f6....<\/p>\r\n<p style=\"text-align: justify\">Most mondja Gazdi, hogy ne puffogjak. Mert b\u00e1r \u00e9n nem kaptam t\u00f6pit, <a href=\"https:\/\/demenyakotsog.cafeblog.hu\/2013\/12\/01\/nem-toportyu\/\" target=\"_blank\">a T\u00d6GY, a T\u00f6piGy\u0171jt\u0151 Akic\u00f3nk<\/a> has\u00edt, mint a Mikul\u00e1s sz\u00e1nja. A dem\u00e9nyist\u00e1k, az elm\u00falt h\u00e9ten 490 000 Ft-ot gy\u0171jt\u00f6ttetek a Futrink\u00e1s haverjaimnak.<\/p>\r\n<p style=\"text-align: justify\">Mondom megint: 490 000 Ft-ot. Atya\u00fart\u00f6pi!!!<\/p>\r\n<p style=\"text-align: justify\"><a href=\"https:\/\/demenyakotsog.cafeblog.hu\/files\/2013\/12\/megmegmeg.jpg\"><img class=\"alignnone size-large wp-image-1221\" alt=\"megmegmeg\" src=\"https:\/\/demenyakotsog.cafeblog.hu\/files\/2013\/12\/megmegmeg-600x399.jpg\" width=\"600\" height=\"399\" \/><\/a><\/p>\r\n<p style=\"text-align: justify\">Sz\u00f3val, Mikl\u00f3s! M\u00e1r nem is \u00e9rdekel, l\u00e9tezik-e. Egy dem\u00e9nyista dikt\u00e1tor nem szorul holmi fant\u00e1zial\u00e9nyekre. Nekem a rajong\u00f3im hoztak ma Mikul\u00e1s-aj\u00e1nd\u00e9kot, akik nem sajn\u00e1lt\u00e1k a t\u00f6pireval\u00f3t (ki kevesebbet, ki h\u0171desokat), hogy seg\u00edtsenek a sorst\u00e1rsaimon.<\/p>\r\n<p style=\"text-align: justify\">\r\nNekem nincs sz\u00fcks\u00e9gem a te j\u00f3s\u00e1godra, Mikl\u00f3s...de ha l\u00e9tezel, ha egy picit is vagy...jutalmazd meg azokat, akik nem csak magukra gondoltak, hanem azokra is, akiknek nincs szavuk, hogy seg\u00edts\u00e9get k\u00e9rjenek!<\/p>\r\n<p style=\"text-align: right\">Maradok hitetlen tiszteletlens\u00e9ggel,<\/p>\r\n<p style=\"text-align: right\">Dem\u00e9ny, a k\u00f6ts\u00f6g<\/p>\r\n<p style=\"text-align: right\">anti-mikul\u00e1sista<\/p>","type":"rich","thumbnail_url":"https:\/\/demenyakotsog.cafeblog.hu\/files\/2013\/12\/DSC_4458-150x150.jpg","thumbnail_width":150,"thumbnail_height":150}