{"version":"1.0","provider_name":"Dem\u00e9ny, a k\u00f6ts\u00f6g","provider_url":"https:\/\/demenyakotsog.cafeblog.hu","author_name":"sameths","author_url":"https:\/\/demenyakotsog.cafeblog.hu\/author\/sameths\/","title":"A n\u00e9ni","html":"Mindent megeszek a parkban, amit tal\u00e1lok, mindent. N\u00e9ha m\u00e9g a kuk\u00e1t is megbillentem kicsit, ha j\u00f3 szaga van. Mert \u00e9hezem. Hi\u00e1ba adja Gazdi a reggelitvacsor\u00e1t, ak\u00e1rmit, \u00e9n mindig \u00e9hes vagyok. Olyan ez, mint a h\u00e1bor\u00fat \u00e1tv\u00e9szel\u0151 nagyi, akinek akkor is van 10 kil\u00f3 liszt a kamr\u00e1j\u00e1ban, ha m\u00e1r sosem s\u00fct, mert nem lehet tudni. K\u00f3boroltam, gazd\u00e1tlanul csavarogtam. S\u00f6t\u00e9t id\u0151k voltak. \u00dagy r\u00f6gz\u00fclt bel\u00e9m az \u00e9hs\u00e9g, hogy t\u00f6bb\u00e9 m\u00e1r nem tudok rajta v\u00e1ltoztatni. Na, meg nem is akarok. Mert nem kell menteget\u0151zn\u00f6m. Mindenr\u0151l Gazdi tehet. Azt hiszi, \u0151 lehet a falkavez\u00e9r, kiab\u00e1l, meg f\u00fajjjjjog, meg hiszt\u00e9rikusan toporz\u00e9kol. Nevets\u00e9ges. N\u00e9ha m\u00e1r magamt\u00f3l elv\u00e1g\u00f3dom a f\u00f6ld\u00f6n, mikor l\u00e1tom, hogy rep\u00fcl fel\u00e9m, mint egy pofon. Hogy kevesebb id\u0151 alatt letudjuk a balh\u00e9t, \u00e9s mehessek tov\u00e1bb. Kaj\u00e1lni.\r\n\r\n<a href=\"https:\/\/demenyakotsog.cafeblog.hu\/files\/2013\/12\/1382109_531885170233157_1262556626_n1.jpg\"><img class=\"alignnone size-large wp-image-1335\" src=\"https:\/\/demenyakotsog.cafeblog.hu\/files\/2013\/12\/1382109_531885170233157_1262556626_n1-359x600.jpg\" alt=\"1382109_531885170233157_1262556626_n\" width=\"359\" height=\"600\" \/><\/a>\r\n\r\nMert a park tele van kaj\u00e1val. A n\u00e9nik miatt. A n\u00e9ni egy olyan k\u00e9tl\u00e1b\u00fa fajta, aki panelban \u00e9l, v\u00e1roslak\u00f3, de szereti az \u00e1llatokat. Annyira szereti, hogy gondoskodni szeretne r\u00f3luk. De haza nem vinn\u00e9 \u0151ket.\r\n\r\nMint \u00e9n. Szeretem a gyerekeket, de otthonra nem kellen\u00e9nek. M\u00e9gsem megyek a j\u00e1tsz\u00f3t\u00e9rre \u00e9s dob\u00e1lok s\u00fctimarad\u00e9kokat meg gumicukrot a hinta al\u00e1. A n\u00e9nik dob\u00e1lnak. F\u0151zik otthon a kis paprik\u00e1skrumplijukat, s\u00fctik a csirkefarh\u00e1tat, \u00e9s j\u00e1j, nem akarnak pocs\u00e9kolni. Esz\u00fckbe jut az a sok szeg\u00e9ny szerencs\u00e9tlen k\u00f3bor \u00e1llat, aki a parkban \u00e9l... Letipeg a n\u00e9ni a negyedikr\u0151l, kis zacsk\u00f3ban kiteszi a h\u00e1z sark\u00e1hoz a csirkecsontot, \u00e9s el\u00f6nti sz\u00edv\u00e9t az \u00f6r\u00f6m, hogy j\u00f3t tett. \u00c9letet mentett, mert szeg\u00e9ny k\u00f3bor macska emiatt nem fog \u00e9henveszni, a kis kolb\u00e1szzs\u00edros krumpli miatt.\r\n\r\n<a href=\"https:\/\/demenyakotsog.cafeblog.hu\/files\/2014\/10\/10703509_733614880060184_2001323580327477788_n.jpg\"><img class=\"alignnone size-large wp-image-2420\" src=\"https:\/\/demenyakotsog.cafeblog.hu\/files\/2014\/10\/10703509_733614880060184_2001323580327477788_n-358x600.jpg\" alt=\"10703509_733614880060184_2001323580327477788_n\" width=\"358\" height=\"600\" \/><\/a>\r\n\r\nNa, ezt zab\u00e1lom \u00e9n fel. Elv\u00e9gre parkban \u00e9hez\u0151 k\u00f3bor eb vagyok, vagy mi a sz\u00f6sz\u00f6m. Gazdi m\u00e1r messzir\u0151l \u00fcv\u00f6lt, de ignor\u00e1lom. \u00c9n sem ugatok, mikor eszik.\r\n\r\nA m\u00e1sik, h\u0151s \u00e9letment\u0151 tev\u00e9kenys\u00e9g, mely szint\u00e9n a n\u00e9niket jellemzi, a mad\u00e1retet\u00e9s. T\u00f6kre szeretem a madarakat. Kergetni. Meg s\u00fctve is. Nem is kifejezetten agg\u00f3dom a galambok lelki eg\u00e9szs\u00e9g\u00e9\u00e9rt, mert Gazdi valami Hitchcock-filmmel ijesztget, de mint celEB \u00e9s dikt\u00e1tor \u00e9s h\u0151svez\u00edr, m\u00e9gis fel kell emelnem a hangomat. NE ETESD A MADARAKAT KENY\u00c9RREL! GYILKOSS\u00c1G!\r\nEz\u00e9rt porsz\u00edv\u00f3zom fel a kidobott keny\u00e9rmorzs\u00e1kat is, mert az t\u00f6kre z\u00e1llatv\u00e9delem. Ink\u00e1bb im\u00e1dni kellene h\u0151siess\u00e9gem\u00e9rt, mint veszekedni velem.\r\n\r\n<a href=\"https:\/\/demenyakotsog.cafeblog.hu\/files\/2014\/10\/10622757_733615526726786_3745157017272278343_n.jpg\"><img class=\"alignnone size-large wp-image-2419\" src=\"https:\/\/demenyakotsog.cafeblog.hu\/files\/2014\/10\/10622757_733615526726786_3745157017272278343_n-358x600.jpg\" alt=\"10622757_733615526726786_3745157017272278343_n\" width=\"358\" height=\"600\" \/><\/a>\r\n\r\nTudom \u00e1m, hogy j\u00f6n a sok okos, hogy az \u0151 kis Cs\u00f6pik\u00e9je semmit nem eszik fel a parkban, \u00e9s milyen neveletlen vagyok, Gazdi meg felel\u0151tlen. Nos, gratul\u00e1lok Cs\u00f6pinek, hogy ilyen j\u00f3l v\u00e1lasztott mag\u00e1nak k\u00e9tl\u00e1b\u00fat, de valakinek az olyan neh\u00e9z eseteket is haza kellett vinnie a gyepir\u0151l, mint Gazdi.\r\n\r\n&nbsp;","type":"rich","thumbnail_url":"https:\/\/demenyakotsog.cafeblog.hu\/files\/2014\/10\/10622757_733615526726786_3745157017272278343_n-150x150.jpg","thumbnail_width":150,"thumbnail_height":150}