{"version":"1.0","provider_name":"Dem\u00e9ny, a k\u00f6ts\u00f6g","provider_url":"https:\/\/demenyakotsog.cafeblog.hu","author_name":"sameths","author_url":"https:\/\/demenyakotsog.cafeblog.hu\/author\/sameths\/","title":"T\u00fcnd\u00e9rmese","html":"A k\u00e9tl\u00e1b\u00faak sz\u00e9ls\u0151s\u00e9gesek: vagy a t\u00fcnd\u00e9rmese kell nekik, vagy a horror. A sima, h\u00e9tk\u00f6znapi csod\u00e1k m\u00e1r meg sem hatj\u00e1k \u0151ket. T\u00f6kre nem sz\u00e1m\u00edt nekik, h\u00e1nyan teszik a dolgukat csendben, rendben, az nem \u00e9rdemel tiszteletet, egy\u00e1ltal\u00e1n \u00e9szre sem veszik, hogy vannak, akik napi szinten tesznek kis csod\u00e1kat, mert csak egyetlen dolog hat r\u00e1juk: a szenz\u00e1ci\u00f3.\r\n\r\n[caption id=\"attachment_2785\" align=\"alignnone\" width=\"600\"]<a href=\"https:\/\/demenyakotsog.cafeblog.hu\/files\/2015\/08\/11892002_10152981836036244_4955978113530726326_n.jpg\"><img class=\"wp-image-2785 size-large\" src=\"https:\/\/demenyakotsog.cafeblog.hu\/files\/2015\/08\/11892002_10152981836036244_4955978113530726326_n-600x450.jpg\" alt=\"11892002_10152981836036244_4955978113530726326_n\" width=\"600\" height=\"450\" \/><\/a> Si\u00f3foki \u00c1llatv\u00e9d\u0151 Alap\u00edtv\u00e1ny v\u00e9dence[\/caption]\r\n\r\nMi szenz\u00e1ci\u00f3s h\u00edr van abban, hogy Buksi hossz\u00fa k\u00f3borl\u00e1s ut\u00e1n m\u00e1r vacsor\u00e1t kap \u00e9s tet\u0151 van a feje felett? Mi a szenz\u00e1ci\u00f3s h\u00edr abban, hogy Morzs\u00e1nak m\u00e1r nem f\u00e1j a f\u00fcle, mert elvitt\u00e9k orvoshoz? Szenz\u00e1ci\u00f3 az, hogy f\u00e9l\u00e9v ut\u00e1n gazd\u00e1ra tal\u00e1lt Cs\u00f6pi?\r\n\r\nCsak, ha kiskuty\u00e1k k\u00fczdenek az \u00e9let\u00fck\u00e9rt, csak, ha folyik a v\u00e9r, ha tizennyolcas az a karika, az hat r\u00e1juk.\r\n\r\n[caption id=\"attachment_2786\" align=\"alignnone\" width=\"600\"]<a href=\"https:\/\/demenyakotsog.cafeblog.hu\/files\/2015\/08\/11913995_10152979473431244_4223650935922593101_n.jpg\"><img class=\"wp-image-2786 size-large\" src=\"https:\/\/demenyakotsog.cafeblog.hu\/files\/2015\/08\/11913995_10152979473431244_4223650935922593101_n-600x450.jpg\" alt=\"11913995_10152979473431244_4223650935922593101_n\" width=\"600\" height=\"450\" \/><\/a> Si\u00f3foki \u00c1llatv\u00e9d\u0151 Alap\u00edtv\u00e1ny v\u00e9dence[\/caption]\r\n\r\nCsak a v\u00e9rben, gyennyben, sz\u0151rcsom\u00f3kban veszik \u00e9szre, hogy van \u00e1llatv\u00e9delem, hogy sz\u00fcks\u00e9g van \u00e1llatv\u00e9delemre, \u00e9s f\u0151leg, hogy \u0151k is tehetn\u00e9nek valamit. Na, persze, kevesen fogj\u00e1k meg annak a bizonyos p\u00f3r\u00e1znak a v\u00e9g\u00e9t. Kevesen \u00fclnek aut\u00f3ba vagy v\u00e1rnak lecs\u00f6p\u00f6g\u0151 inf\u00fazi\u00f3ra idegen kuty\u00e1n\u00e1l. A legt\u00f6bb persze\u00a0ilyenkor\u00a0csak a monitor el\u0151tt okos, am\u00fagy kifog\u00e1sa van. Mert kifog\u00e1s az mindig van.\r\n\r\nKellenek a v\u00e9r\u00e1ldozatok, hogy t\u00f6bben l\u00e1ss\u00e1k a munk\u00e1t, amit a h\u00e9tk\u00f6znapi h\u0151s\u00f6k v\u00e9geznek az \u00e1llatv\u00e9delemben.\r\n\r\nV\u00e1rjatok! \u00dajra fogalmazom: MI\u00c9RT kellenek a v\u00e9r\u00e1ldozatok az\u00e9rt, hogy megl\u00e1ssuk a munk\u00e1t, amit a h\u00e9tk\u00f6znapi h\u0151s\u00f6k v\u00e9geznek?\r\n\r\n[caption id=\"attachment_2787\" align=\"alignnone\" width=\"600\"]<a href=\"https:\/\/demenyakotsog.cafeblog.hu\/files\/2015\/08\/11219059_10152979472506244_1849890321055675885_n.jpg\"><img class=\"wp-image-2787 size-large\" src=\"https:\/\/demenyakotsog.cafeblog.hu\/files\/2015\/08\/11219059_10152979472506244_1849890321055675885_n-600x450.jpg\" alt=\"11219059_10152979472506244_1849890321055675885_n\" width=\"600\" height=\"450\" \/><\/a> Si\u00f3foki \u00c1llatv\u00e9d\u0151 Alap\u00edtv\u00e1ny v\u00e9dence[\/caption]\r\n\r\nMert mind tehetn\u00e9nk valamit, mind tehet\u00fcnk valamit! Van, aki az idej\u00e9t, energi\u00e1j\u00e1t \u00e1ldozza az\u00e9rt, hogy m\u00e1sok elford\u00edthass\u00e1k a fej\u00fcket a monitor el\u0151tt. Mert mi lenne, ha mind elford\u00edtan\u00e1nk? Megold\u00f3dn\u00e1nak a gondok, nem lenne t\u00f6bb kidobott \u00e1llat, nem lenne t\u00f6bb szenved\u00e9s? H\u00fcjjjes\u00e9g.\r\n\r\nMind tehet\u00fcnk valamit. A kifog\u00e1sok helyett. \u00c9n veletek veszekszem p\u00e9ld\u00e1ul. Ha nem tudsz seg\u00edteni k\u00e9t k\u00e9zzel, seg\u00edts t\u00f6pireval\u00f3val. Nem kell csoda, csak egy \u00f6tsz\u00e1zas. Neked fel sem t\u0171nik, de sok kicsi sokra megy. T\u00f6kre ideje lenne, hogy megmozduljatok. Mert a vil\u00e1g tele van horror t\u00f6rt\u00e9netekkel, sebes, elhagyott, szomor\u00fa \u00e1llatokkal. \u00c9s ki fog rajtuk seg\u00edteni, ha mindenkinek csak kifog\u00e1sa van?\r\n\r\n[caption id=\"attachment_2788\" align=\"alignnone\" width=\"600\"]<a href=\"https:\/\/demenyakotsog.cafeblog.hu\/files\/2015\/08\/11863480_10152979474481244_6947527763455928714_n.jpg\"><img class=\"wp-image-2788 size-large\" src=\"https:\/\/demenyakotsog.cafeblog.hu\/files\/2015\/08\/11863480_10152979474481244_6947527763455928714_n-600x400.jpg\" alt=\"11863480_10152979474481244_6947527763455928714_n\" width=\"600\" height=\"400\" \/><\/a> Si\u00f3foki \u00c1llatv\u00e9d\u0151 Alap\u00edtv\u00e1ny v\u00e9dence[\/caption]\r\n\r\nSzerintem az lenne az igaz\u00e1n szenz\u00e1ci\u00f3, ha mind tenn\u00e9nk v\u00e9gre valamit. Mi tudunk t\u00fcnd\u00e9rmes\u00e9t \u00edrni. Egy\u00fctt.\r\n\r\n&nbsp;","type":"rich","thumbnail_url":"https:\/\/demenyakotsog.cafeblog.hu\/files\/2015\/08\/11863480_10152979474481244_6947527763455928714_n-150x150.jpg","thumbnail_width":150,"thumbnail_height":150}